{"id":256,"date":"2014-01-30T15:59:59","date_gmt":"2014-01-30T14:59:59","guid":{"rendered":"http:\/\/www.association-rev.club\/?page_id=256"},"modified":"2018-11-05T13:37:02","modified_gmt":"2018-11-05T12:37:02","slug":"2011-2","status":"publish","type":"page","link":"http:\/\/association-rev.club\/index.php\/expositions\/2011-a-2020\/2011-2\/","title":{"rendered":"2011"},"content":{"rendered":"<h1 style=\"text-align: center;\"><span style=\"text-decoration: underline; color: #ff0000;\"><strong>2011<\/strong><\/span><\/h1>\n<p><strong>NOGENT SUR OISE<\/strong> (60) les 5 et 6 novembre<br \/>\nEncore une vid\u00e9o de Francis \u00ab\u00a0Spielberg\u00a0\u00bb<br \/>\n<iframe loading=\"lazy\" src=\"\/\/www.youtube.com\/embed\/kSAOR4xJfsk\" height=\"315\" width=\"560\" allowfullscreen=\"\" frameborder=\"0\"><\/iframe><\/p>\n<p><strong>CHANTILLY<\/strong> (60) les 15 et 16 octobre.<br \/>\nUne belle expo. pluridisiplinaire.<\/p>\n<p><a href=\"http:\/\/www.association-rev.club\/wp-content\/uploads\/2014\/01\/chantilly15-10-2011.jpg\"><img loading=\"lazy\" decoding=\"async\" class=\"aligncenter size-medium wp-image-257\" alt=\"chantilly15-10-2011\" src=\"http:\/\/www.association-rev.club\/wp-content\/uploads\/2014\/01\/chantilly15-10-2011-225x300.jpg\" width=\"225\" height=\"300\" \/><\/a><\/p>\n<p><strong>Boran Sur Oise<\/strong> (60) les 9 et 10 avril :<br \/>\nPlus que des mots une Superbe vid\u00e9o r\u00e9alis\u00e9e par Fran\u00e7is.<br \/>\n<iframe loading=\"lazy\" src=\"\/\/www.youtube.com\/embed\/MebhnLG86Xg\" height=\"315\" width=\"560\" allowfullscreen=\"\" frameborder=\"0\"><\/iframe><\/p>\n<p><strong>Compi\u00e8gne<\/strong> (60) les 19 et 20 mars :<br \/>\nUne exposition pluridisciplinaire avec de belles r\u00e9alisations dans tout les domaines, avions, bateaux et dioramas militaires. Pour nous une expo en demi teinte, plus de probl\u00e8mes de roulage que d&rsquo;habitude, peu de spectateurs, une journ\u00e9e du dimanche un peu longue&#8230;<\/p>\n","protected":false},"excerpt":{"rendered":"<p>2011 NOGENT SUR OISE (60) les 5 et 6 novembre Encore une vid\u00e9o de Francis \u00ab\u00a0Spielberg\u00a0\u00bb CHANTILLY (60) les 15 et 16 octobre. Une belle expo. pluridisiplinaire. Boran Sur Oise (60) les 9 et 10 avril : Plus que des mots une Superbe vid\u00e9o r\u00e9alis\u00e9e par Fran\u00e7is. Compi\u00e8gne (60) les 19 et 20 mars : &hellip; <\/p>\n<p class=\"link-more\"><a href=\"http:\/\/association-rev.club\/index.php\/expositions\/2011-a-2020\/2011-2\/\" class=\"more-link\">Continuer la lecture<span class=\"screen-reader-text\"> de &laquo;&nbsp;2011&nbsp;&raquo;<\/span><\/a><\/p>\n","protected":false},"author":2,"featured_media":0,"parent":482,"menu_order":2,"comment_status":"open","ping_status":"closed","template":"","meta":{"footnotes":""},"class_list":["post-256","page","type-page","status-publish","hentry"],"_links":{"self":[{"href":"http:\/\/association-rev.club\/index.php\/wp-json\/wp\/v2\/pages\/256","targetHints":{"allow":["GET"]}}],"collection":[{"href":"http:\/\/association-rev.club\/index.php\/wp-json\/wp\/v2\/pages"}],"about":[{"href":"http:\/\/association-rev.club\/index.php\/wp-json\/wp\/v2\/types\/page"}],"author":[{"embeddable":true,"href":"http:\/\/association-rev.club\/index.php\/wp-json\/wp\/v2\/users\/2"}],"replies":[{"embeddable":true,"href":"http:\/\/association-rev.club\/index.php\/wp-json\/wp\/v2\/comments?post=256"}],"version-history":[{"count":1,"href":"http:\/\/association-rev.club\/index.php\/wp-json\/wp\/v2\/pages\/256\/revisions"}],"predecessor-version":[{"id":484,"href":"http:\/\/association-rev.club\/index.php\/wp-json\/wp\/v2\/pages\/256\/revisions\/484"}],"up":[{"embeddable":true,"href":"http:\/\/association-rev.club\/index.php\/wp-json\/wp\/v2\/pages\/482"}],"wp:attachment":[{"href":"http:\/\/association-rev.club\/index.php\/wp-json\/wp\/v2\/media?parent=256"}],"curies":[{"name":"wp","href":"https:\/\/api.w.org\/{rel}","templated":true}]}}