{"id":213,"date":"2014-01-29T10:01:53","date_gmt":"2014-01-29T09:01:53","guid":{"rendered":"http:\/\/www.association-rev.club\/?page_id=213"},"modified":"2018-11-05T13:33:33","modified_gmt":"2018-11-05T12:33:33","slug":"2004-2","status":"publish","type":"page","link":"http:\/\/association-rev.club\/index.php\/expositions\/2003-a-2010\/2004-2\/","title":{"rendered":"2004"},"content":{"rendered":"<h1 style=\"text-align: center;\"><span style=\"color: #ff0000; text-decoration: underline;\"><strong>22004<\/strong><\/span><\/h1>\n<p><strong>SENLIS<\/strong> (60) les 23 et 24 octobre 2004<br \/>\nL&rsquo;int\u00e9rieur de l&rsquo;\u00e9glise Saint Pierre a donn\u00e9 un cadre magnifique \u00e0 cette exposition.<br \/>\nC&rsquo;est l\u00e0 que nous avons d\u00e9couvert que l&rsquo;id\u00e9e de pieds r\u00e9glables pour compenser les irr\u00e9gularit\u00e9s du sol n&rsquo;\u00e9tait pas totalement stupide !<\/p>\n<p><a href=\"http:\/\/www.association-rev.club\/wp-content\/uploads\/2014\/01\/Photo1221.jpg\"><img loading=\"lazy\" decoding=\"async\" class=\"aligncenter size-medium wp-image-215\" src=\"http:\/\/www.association-rev.club\/wp-content\/uploads\/2014\/01\/Photo1221-225x300.jpg\" alt=\"Photo122[1]\" width=\"225\" height=\"300\" \/><\/a><br \/>\nOn peut constater qu&rsquo;en exposition, l&rsquo;envers du d\u00e9cor est beaucoup moins bien rang\u00e9 que devant !<\/p>\n<p><strong>BEAUVAIS<\/strong> (60) les 4 et 5 septembre 2004<br \/>\nD\u00e9placement en camionnette avec une \u00e9quipe r\u00e9duite (Anne, Lionel, Nicolas).<br \/>\nSouvenir d&rsquo;un \u00ab\u00a0p\u00e9p\u00e9\u00a0\u00bb a cot\u00e9 de nous qui vendait son mat\u00e9riel et qui avait fort a faire avec les \u00ab\u00a0tchatcheurs\u00a0\u00bb d&rsquo;un club de la r\u00e9gion.<\/p>\n<p><a href=\"http:\/\/www.association-rev.club\/wp-content\/uploads\/2014\/01\/Beauvais20041.jpg\"><img loading=\"lazy\" decoding=\"async\" class=\"aligncenter size-medium wp-image-214\" src=\"http:\/\/www.association-rev.club\/wp-content\/uploads\/2014\/01\/Beauvais20041-300x234.jpg\" alt=\"Beauvais2004[1]\" width=\"300\" height=\"234\" \/><\/a><\/p>\n","protected":false},"excerpt":{"rendered":"<p>22004 SENLIS (60) les 23 et 24 octobre 2004 L&rsquo;int\u00e9rieur de l&rsquo;\u00e9glise Saint Pierre a donn\u00e9 un cadre magnifique \u00e0 cette exposition. C&rsquo;est l\u00e0 que nous avons d\u00e9couvert que l&rsquo;id\u00e9e de pieds r\u00e9glables pour compenser les irr\u00e9gularit\u00e9s du sol n&rsquo;\u00e9tait pas totalement stupide ! On peut constater qu&rsquo;en exposition, l&rsquo;envers du d\u00e9cor est beaucoup moins &hellip; <\/p>\n<p class=\"link-more\"><a href=\"http:\/\/association-rev.club\/index.php\/expositions\/2003-a-2010\/2004-2\/\" class=\"more-link\">Continuer la lecture<span class=\"screen-reader-text\"> de &laquo;&nbsp;2004&nbsp;&raquo;<\/span><\/a><\/p>\n","protected":false},"author":2,"featured_media":0,"parent":473,"menu_order":2,"comment_status":"open","ping_status":"open","template":"","meta":{"footnotes":""},"class_list":["post-213","page","type-page","status-publish","hentry"],"_links":{"self":[{"href":"http:\/\/association-rev.club\/index.php\/wp-json\/wp\/v2\/pages\/213","targetHints":{"allow":["GET"]}}],"collection":[{"href":"http:\/\/association-rev.club\/index.php\/wp-json\/wp\/v2\/pages"}],"about":[{"href":"http:\/\/association-rev.club\/index.php\/wp-json\/wp\/v2\/types\/page"}],"author":[{"embeddable":true,"href":"http:\/\/association-rev.club\/index.php\/wp-json\/wp\/v2\/users\/2"}],"replies":[{"embeddable":true,"href":"http:\/\/association-rev.club\/index.php\/wp-json\/wp\/v2\/comments?post=213"}],"version-history":[{"count":2,"href":"http:\/\/association-rev.club\/index.php\/wp-json\/wp\/v2\/pages\/213\/revisions"}],"predecessor-version":[{"id":493,"href":"http:\/\/association-rev.club\/index.php\/wp-json\/wp\/v2\/pages\/213\/revisions\/493"}],"up":[{"embeddable":true,"href":"http:\/\/association-rev.club\/index.php\/wp-json\/wp\/v2\/pages\/473"}],"wp:attachment":[{"href":"http:\/\/association-rev.club\/index.php\/wp-json\/wp\/v2\/media?parent=213"}],"curies":[{"name":"wp","href":"https:\/\/api.w.org\/{rel}","templated":true}]}}